{"id":17769,"date":"2021-03-02T12:26:31","date_gmt":"2021-03-02T11:26:31","guid":{"rendered":"http:\/\/amcon-eu.com\/?post_type=case&#038;p=17769"},"modified":"2025-03-27T11:26:32","modified_gmt":"2025-03-27T10:26:32","slug":"deshydratation-des-boues-activees","status":"publish","type":"case","link":"https:\/\/www.amcon-eu.com\/fr\/case\/collectivites\/deshydratation-des-boues-activees\/","title":{"rendered":"D\u00e9shydratation des boues activ\u00e9es"},"content":{"rendered":"<section class=\"wpb-content-wrapper\"><p>[vc_row full_width=\u00a0\u00bbstretch_row\u00a0\u00bb][vc_column][vc_column_text]<\/p>\n<h3 class=\"wp-block-heading\"><strong>Le contexte<\/strong><\/h3>\n<p>[\/vc_column_text][vc_column_text]La station d\u2019\u00e9puration municipale avait besoin d\u2019am\u00e9lioration en raison de couts de gestion trop \u00e9lev\u00e9s. De plus les r\u00e9sultats des d\u00e9shydratations n\u2019\u00e9taient pas satisfaisants. En collaboration avec notre partenaire Poliszer, le mod\u00e8le VOLUTE\u2122 ES-401 a fait parti du plan de r\u00e9novation de la station. La Step de T\u00e1t \u00e0 une capacit\u00e9 de traitement des eaux us\u00e9es de 5 000 \u00e9quivalents-habitants. Auparavant, les boues activ\u00e9es \u00e9taient entrepos\u00e9es avant d\u2019\u00eatre d\u00e9shydrat\u00e9e. Avec la r\u00e9novation du processus de traitement biologique, Volute d\u00e9shydrate maintenant des boues provenant directement du bassin d\u2019a\u00e9ration.[\/vc_column_text]<div class=\"ult-spacer spacer-69f542755d01f\" data-id=\"69f542755d01f\" data-height=\"20\" data-height-mobile=\"20\" data-height-tab=\"20\" data-height-tab-portrait=\"\" data-height-mobile-landscape=\"\" style=\"clear:both;display:block;\"><\/div>[\/vc_column][\/vc_row][vc_row][vc_column width=\u00a0\u00bb1\/3&Prime;][vc_single_image image=\u00a0\u00bb17786&Prime; img_size=\u00a0\u00bb400&#215;297&Prime; add_caption=\u00a0\u00bbyes\u00a0\u00bb alignment=\u00a0\u00bbcenter\u00a0\u00bb onclick=\u00a0\u00bbzoom\u00a0\u00bb][\/vc_column][vc_column width=\u00a0\u00bb1\/3&Prime;][vc_single_image image=\u00a0\u00bb17773&Prime; img_size=\u00a0\u00bb400&#215;297&Prime; add_caption=\u00a0\u00bbyes\u00a0\u00bb alignment=\u00a0\u00bbcenter\u00a0\u00bb onclick=\u00a0\u00bbzoom\u00a0\u00bb][\/vc_column][vc_column width=\u00a0\u00bb1\/3&Prime;][vc_single_image image=\u00a0\u00bb17782&Prime; img_size=\u00a0\u00bb400&#215;297&Prime; add_caption=\u00a0\u00bbyes\u00a0\u00bb alignment=\u00a0\u00bbcenter\u00a0\u00bb onclick=\u00a0\u00bbzoom\u00a0\u00bb][\/vc_column][\/vc_row][vc_row][vc_column]<div class=\"ult-spacer spacer-69f542755d048\" data-id=\"69f542755d048\" data-height=\"20\" data-height-mobile=\"20\" data-height-tab=\"20\" data-height-tab-portrait=\"\" data-height-mobile-landscape=\"\" style=\"clear:both;display:block;\"><\/div>[vc_column_text]<\/p>\n<h3 class=\"wp-block-heading\"><strong>Les conditions :<\/strong><\/h3>\n<p>[\/vc_column_text]<div class=\"ult-spacer spacer-69f542755d064\" data-id=\"69f542755d064\" data-height=\"20\" data-height-mobile=\"20\" data-height-tab=\"20\" data-height-tab-portrait=\"\" data-height-mobile-landscape=\"\" style=\"clear:both;display:block;\"><\/div>[vc_column_text]<\/p>\n<div style=\"overflow-x: auto;\">\n<table class=\"specTable3\" style=\"border-collapse: collapse;\">\n<thead>\n<tr>\n<th colspan=\"2\"><strong>D\u00e9tails :<\/strong><\/th>\n<\/tr>\n<\/thead>\n<tbody>\n<tr>\n<td><strong>MOD\u00c8LE<\/strong><\/td>\n<td>ES-401-SA-CE<\/td>\n<\/tr>\n<tr>\n<td><strong>Type de boue<\/strong><\/td>\n<td>Boues activ\u00e9es \u00e9paissies<\/td>\n<\/tr>\n<tr>\n<td><strong>Teneur en MS<\/strong><\/td>\n<td>~2,5 %<\/td>\n<\/tr>\n<tr>\n<td><strong>D\u00e9bit de boue<\/strong><\/td>\n<td>~5 m\u00b3\/h<\/td>\n<\/tr>\n<tr>\n<td><strong>D\u00e9bit de Mati\u00e8re Solide<\/strong><\/td>\n<td>~125\u2013160 kg-MS\/h<\/td>\n<\/tr>\n<tr>\n<td><strong>Siccit\u00e9 du g\u00e2teau<\/strong><\/td>\n<td>~22 %<\/td>\n<\/tr>\n<tr>\n<td><strong>Taux de Capture<\/strong><\/td>\n<td>95 %<\/td>\n<\/tr>\n<tr>\n<td><strong>Dosage Polym\u00e8re<\/strong><\/td>\n<td>8,5 g\/kg-MS (100% actif content)<\/td>\n<\/tr>\n<\/tbody>\n<\/table>\n<\/div>\n<p>[\/vc_column_text][\/vc_column][\/vc_row]<\/p>\n<\/section>","protected":false},"featured_media":17773,"parent":0,"template":"","case_cat":[734],"case_tag":[],"case_tag2":[710],"case_tag3":[],"case_cat2":[],"kisyu_cat":[745],"class_list":["post-17769","case","type-case","status-publish","has-post-thumbnail","hentry","case_cat-collectivites","case_tag2-biologique-activees","kisyu_cat-la-presse-de-deshydratation-volute-fr"],"acf":[],"yoast_head":"<!-- This site is optimized with the Yoast SEO plugin v26.5 - https:\/\/yoast.com\/wordpress\/plugins\/seo\/ -->\n<title>D\u00e9shydratation des boues activ\u00e9es | AMCON Europe<\/title>\n<meta name=\"description\" content=\"\u2022 La VOLUTE\u2122 ES-401 \u2022 Boues issues de traitement biologique \u2022 Am\u00e9lioration du processus de d\u00e9shydratation des boues \u2022 R\u00e9sultats au-del\u00e0 des attentes\" \/>\n<meta name=\"robots\" content=\"index, follow, max-snippet:-1, max-image-preview:large, max-video-preview:-1\" \/>\n<link rel=\"canonical\" href=\"https:\/\/www.amcon-eu.com\/fr\/case\/collectivites\/deshydratation-des-boues-activees\/\" \/>\n<meta property=\"og:locale\" content=\"fr_FR\" \/>\n<meta property=\"og:type\" content=\"article\" \/>\n<meta property=\"og:title\" content=\"D\u00e9shydratation des boues activ\u00e9es | AMCON Europe\" \/>\n<meta property=\"og:description\" content=\"\u2022 La VOLUTE\u2122 ES-401 \u2022 Boues issues de traitement biologique \u2022 Am\u00e9lioration du processus de d\u00e9shydratation des boues \u2022 R\u00e9sultats au-del\u00e0 des attentes\" \/>\n<meta property=\"og:url\" content=\"https:\/\/www.amcon-eu.com\/fr\/case\/collectivites\/deshydratation-des-boues-activees\/\" \/>\n<meta property=\"og:site_name\" content=\"AMCON Europe\" \/>\n<meta property=\"article:publisher\" content=\"https:\/\/www.facebook.com\/AMCON.Europe.sro\" \/>\n<meta property=\"article:modified_time\" content=\"2025-03-27T10:26:32+00:00\" \/>\n<meta property=\"og:image\" content=\"https:\/\/www.amcon-eu.com\/wp-content\/uploads\/2021\/03\/TAT_1-1.jpg\" \/>\n\t<meta property=\"og:image:width\" content=\"384\" \/>\n\t<meta property=\"og:image:height\" content=\"287\" \/>\n\t<meta property=\"og:image:type\" content=\"image\/jpeg\" \/>\n<meta name=\"twitter:card\" content=\"summary_large_image\" \/>\n<meta name=\"twitter:label1\" content=\"Dur\u00e9e de lecture estim\u00e9e\" \/>\n\t<meta name=\"twitter:data1\" content=\"1 minute\" \/>\n<script type=\"application\/ld+json\" class=\"yoast-schema-graph\">{\"@context\":\"https:\/\/schema.org\",\"@graph\":[{\"@type\":\"WebPage\",\"@id\":\"https:\/\/www.amcon-eu.com\/fr\/case\/collectivites\/deshydratation-des-boues-activees\/\",\"url\":\"https:\/\/www.amcon-eu.com\/fr\/case\/collectivites\/deshydratation-des-boues-activees\/\",\"name\":\"D\u00e9shydratation des boues activ\u00e9es | AMCON Europe\",\"isPartOf\":{\"@id\":\"https:\/\/www.amcon-eu.com\/fr\/#website\"},\"primaryImageOfPage\":{\"@id\":\"https:\/\/www.amcon-eu.com\/fr\/case\/collectivites\/deshydratation-des-boues-activees\/#primaryimage\"},\"image\":{\"@id\":\"https:\/\/www.amcon-eu.com\/fr\/case\/collectivites\/deshydratation-des-boues-activees\/#primaryimage\"},\"thumbnailUrl\":\"https:\/\/www.amcon-eu.com\/wp-content\/uploads\/2021\/03\/TAT_1-1.jpg\",\"datePublished\":\"2021-03-02T11:26:31+00:00\",\"dateModified\":\"2025-03-27T10:26:32+00:00\",\"description\":\"\u2022 La VOLUTE\u2122 ES-401 \u2022 Boues issues de traitement biologique \u2022 Am\u00e9lioration du processus de d\u00e9shydratation des boues \u2022 R\u00e9sultats au-del\u00e0 des attentes\",\"breadcrumb\":{\"@id\":\"https:\/\/www.amcon-eu.com\/fr\/case\/collectivites\/deshydratation-des-boues-activees\/#breadcrumb\"},\"inLanguage\":\"fr-FR\",\"potentialAction\":[{\"@type\":\"ReadAction\",\"target\":[\"https:\/\/www.amcon-eu.com\/fr\/case\/collectivites\/deshydratation-des-boues-activees\/\"]}]},{\"@type\":\"ImageObject\",\"inLanguage\":\"fr-FR\",\"@id\":\"https:\/\/www.amcon-eu.com\/fr\/case\/collectivites\/deshydratation-des-boues-activees\/#primaryimage\",\"url\":\"https:\/\/www.amcon-eu.com\/wp-content\/uploads\/2021\/03\/TAT_1-1.jpg\",\"contentUrl\":\"https:\/\/www.amcon-eu.com\/wp-content\/uploads\/2021\/03\/TAT_1-1.jpg\",\"width\":384,\"height\":287},{\"@type\":\"BreadcrumbList\",\"@id\":\"https:\/\/www.amcon-eu.com\/fr\/case\/collectivites\/deshydratation-des-boues-activees\/#breadcrumb\",\"itemListElement\":[{\"@type\":\"ListItem\",\"position\":1,\"name\":\"\u30db\u30fc\u30e0\",\"item\":\"https:\/\/www.amcon-eu.com\/fr\/\"},{\"@type\":\"ListItem\",\"position\":2,\"name\":\"Cases\",\"item\":\"https:\/\/www.amcon-eu.com\/fr\/case\/\"},{\"@type\":\"ListItem\",\"position\":3,\"name\":\"D\u00e9shydratation des boues activ\u00e9es\"}]},{\"@type\":\"WebSite\",\"@id\":\"https:\/\/www.amcon-eu.com\/fr\/#website\",\"url\":\"https:\/\/www.amcon-eu.com\/fr\/\",\"name\":\"AMCON Europe\",\"description\":\"D\u00e9shydratation simple et efficace des boues\",\"potentialAction\":[{\"@type\":\"SearchAction\",\"target\":{\"@type\":\"EntryPoint\",\"urlTemplate\":\"https:\/\/www.amcon-eu.com\/fr\/?s={search_term_string}\"},\"query-input\":{\"@type\":\"PropertyValueSpecification\",\"valueRequired\":true,\"valueName\":\"search_term_string\"}}],\"inLanguage\":\"fr-FR\"}]}<\/script>\n<!-- \/ Yoast SEO plugin. -->","yoast_head_json":{"title":"D\u00e9shydratation des boues activ\u00e9es | AMCON Europe","description":"\u2022 La VOLUTE\u2122 ES-401 \u2022 Boues issues de traitement biologique \u2022 Am\u00e9lioration du processus de d\u00e9shydratation des boues \u2022 R\u00e9sultats au-del\u00e0 des attentes","robots":{"index":"index","follow":"follow","max-snippet":"max-snippet:-1","max-image-preview":"max-image-preview:large","max-video-preview":"max-video-preview:-1"},"canonical":"https:\/\/www.amcon-eu.com\/fr\/case\/collectivites\/deshydratation-des-boues-activees\/","og_locale":"fr_FR","og_type":"article","og_title":"D\u00e9shydratation des boues activ\u00e9es | AMCON Europe","og_description":"\u2022 La VOLUTE\u2122 ES-401 \u2022 Boues issues de traitement biologique \u2022 Am\u00e9lioration du processus de d\u00e9shydratation des boues \u2022 R\u00e9sultats au-del\u00e0 des attentes","og_url":"https:\/\/www.amcon-eu.com\/fr\/case\/collectivites\/deshydratation-des-boues-activees\/","og_site_name":"AMCON Europe","article_publisher":"https:\/\/www.facebook.com\/AMCON.Europe.sro","article_modified_time":"2025-03-27T10:26:32+00:00","og_image":[{"width":384,"height":287,"url":"https:\/\/www.amcon-eu.com\/wp-content\/uploads\/2021\/03\/TAT_1-1.jpg","type":"image\/jpeg"}],"twitter_card":"summary_large_image","twitter_misc":{"Dur\u00e9e de lecture estim\u00e9e":"1 minute"},"schema":{"@context":"https:\/\/schema.org","@graph":[{"@type":"WebPage","@id":"https:\/\/www.amcon-eu.com\/fr\/case\/collectivites\/deshydratation-des-boues-activees\/","url":"https:\/\/www.amcon-eu.com\/fr\/case\/collectivites\/deshydratation-des-boues-activees\/","name":"D\u00e9shydratation des boues activ\u00e9es | AMCON Europe","isPartOf":{"@id":"https:\/\/www.amcon-eu.com\/fr\/#website"},"primaryImageOfPage":{"@id":"https:\/\/www.amcon-eu.com\/fr\/case\/collectivites\/deshydratation-des-boues-activees\/#primaryimage"},"image":{"@id":"https:\/\/www.amcon-eu.com\/fr\/case\/collectivites\/deshydratation-des-boues-activees\/#primaryimage"},"thumbnailUrl":"https:\/\/www.amcon-eu.com\/wp-content\/uploads\/2021\/03\/TAT_1-1.jpg","datePublished":"2021-03-02T11:26:31+00:00","dateModified":"2025-03-27T10:26:32+00:00","description":"\u2022 La VOLUTE\u2122 ES-401 \u2022 Boues issues de traitement biologique \u2022 Am\u00e9lioration du processus de d\u00e9shydratation des boues \u2022 R\u00e9sultats au-del\u00e0 des attentes","breadcrumb":{"@id":"https:\/\/www.amcon-eu.com\/fr\/case\/collectivites\/deshydratation-des-boues-activees\/#breadcrumb"},"inLanguage":"fr-FR","potentialAction":[{"@type":"ReadAction","target":["https:\/\/www.amcon-eu.com\/fr\/case\/collectivites\/deshydratation-des-boues-activees\/"]}]},{"@type":"ImageObject","inLanguage":"fr-FR","@id":"https:\/\/www.amcon-eu.com\/fr\/case\/collectivites\/deshydratation-des-boues-activees\/#primaryimage","url":"https:\/\/www.amcon-eu.com\/wp-content\/uploads\/2021\/03\/TAT_1-1.jpg","contentUrl":"https:\/\/www.amcon-eu.com\/wp-content\/uploads\/2021\/03\/TAT_1-1.jpg","width":384,"height":287},{"@type":"BreadcrumbList","@id":"https:\/\/www.amcon-eu.com\/fr\/case\/collectivites\/deshydratation-des-boues-activees\/#breadcrumb","itemListElement":[{"@type":"ListItem","position":1,"name":"\u30db\u30fc\u30e0","item":"https:\/\/www.amcon-eu.com\/fr\/"},{"@type":"ListItem","position":2,"name":"Cases","item":"https:\/\/www.amcon-eu.com\/fr\/case\/"},{"@type":"ListItem","position":3,"name":"D\u00e9shydratation des boues activ\u00e9es"}]},{"@type":"WebSite","@id":"https:\/\/www.amcon-eu.com\/fr\/#website","url":"https:\/\/www.amcon-eu.com\/fr\/","name":"AMCON Europe","description":"D\u00e9shydratation simple et efficace des boues","potentialAction":[{"@type":"SearchAction","target":{"@type":"EntryPoint","urlTemplate":"https:\/\/www.amcon-eu.com\/fr\/?s={search_term_string}"},"query-input":{"@type":"PropertyValueSpecification","valueRequired":true,"valueName":"search_term_string"}}],"inLanguage":"fr-FR"}]}},"_links":{"self":[{"href":"https:\/\/www.amcon-eu.com\/fr\/wp-json\/wp\/v2\/case\/17769","targetHints":{"allow":["GET"]}}],"collection":[{"href":"https:\/\/www.amcon-eu.com\/fr\/wp-json\/wp\/v2\/case"}],"about":[{"href":"https:\/\/www.amcon-eu.com\/fr\/wp-json\/wp\/v2\/types\/case"}],"version-history":[{"count":14,"href":"https:\/\/www.amcon-eu.com\/fr\/wp-json\/wp\/v2\/case\/17769\/revisions"}],"predecessor-version":[{"id":23093,"href":"https:\/\/www.amcon-eu.com\/fr\/wp-json\/wp\/v2\/case\/17769\/revisions\/23093"}],"wp:featuredmedia":[{"embeddable":true,"href":"https:\/\/www.amcon-eu.com\/fr\/wp-json\/wp\/v2\/media\/17773"}],"wp:attachment":[{"href":"https:\/\/www.amcon-eu.com\/fr\/wp-json\/wp\/v2\/media?parent=17769"}],"wp:term":[{"taxonomy":"case_cat","embeddable":true,"href":"https:\/\/www.amcon-eu.com\/fr\/wp-json\/wp\/v2\/case_cat?post=17769"},{"taxonomy":"case_tag","embeddable":true,"href":"https:\/\/www.amcon-eu.com\/fr\/wp-json\/wp\/v2\/case_tag?post=17769"},{"taxonomy":"case_tag2","embeddable":true,"href":"https:\/\/www.amcon-eu.com\/fr\/wp-json\/wp\/v2\/case_tag2?post=17769"},{"taxonomy":"case_tag3","embeddable":true,"href":"https:\/\/www.amcon-eu.com\/fr\/wp-json\/wp\/v2\/case_tag3?post=17769"},{"taxonomy":"case_cat2","embeddable":true,"href":"https:\/\/www.amcon-eu.com\/fr\/wp-json\/wp\/v2\/case_cat2?post=17769"},{"taxonomy":"kisyu_cat","embeddable":true,"href":"https:\/\/www.amcon-eu.com\/fr\/wp-json\/wp\/v2\/kisyu_cat?post=17769"}],"curies":[{"name":"wp","href":"https:\/\/api.w.org\/{rel}","templated":true}]}}